{"id":48,"date":"2024-01-02T19:52:46","date_gmt":"2024-01-02T18:52:46","guid":{"rendered":"https:\/\/alvarosalvador.com\/?page_id=48"},"modified":"2024-01-02T20:00:26","modified_gmt":"2024-01-02T19:00:26","slug":"inedito","status":"publish","type":"page","link":"https:\/\/alvarosalvador.com\/index.php\/inedito\/","title":{"rendered":"In\u00e9dito"},"content":{"rendered":"\n<h2 class=\"wp-block-heading\"><strong>Nocturno de Nueva Inglaterra<\/strong><\/h2>\n\n\n\n<blockquote class=\"wp-block-quote is-layout-flow wp-block-quote-is-layout-flow\">\n<p><em>Toda una historia, un alma se te muestran<br>Ah\u00ed, y las piensas hermosas,<br>Hechas de recatada confianza en lo sabido,<br>De respeto sin miedo en lo ignorado,<br>Viendo tratar as\u00ed los pobre muertos<br>que recuerdo impotente son tan s\u00f3lo.<\/em><\/p>\n<cite><em>Luis Cernuda<\/em><\/cite><\/blockquote>\n\n\n\n<p>Oigo el rumor del viento restregarse<br>contra los abedules y los arces,<br>en esta noche oscura, desolada,<br>noche de insomnio lejos de mi tierra.<\/p>\n\n\n\n<p>Ha nevado de nuevo y habr\u00e1 nieve<br>ma\u00f1ana. Siempre hay nieve dormida<br>sobre otra nieve muerta en primavera,<br>en esta primavera de otro mundo.<\/p>\n\n\n\n<p>El viento arrastra ruidos del pasado,<br>melanc\u00f3licas voces que no atiendo&nbsp;<br>como ayer atend\u00ed. Me inunda en cambio<br>un dulce olor a rama de canela<br>y a madera de arce perfumada.<\/p>\n\n\n\n<p>Bajo los \u00e1lamos que escoltan mi ventana<br>hay nieve, s\u00ed, pero tambi\u00e9n memoria,<br>memoria que es desvelo de los vivos:<br>el cementerio extiende sus leyendas<br>desde mi casa hasta la barranquera.<\/p>\n\n\n\n<p>Ma\u00f1ana, cuando la noche ya no est\u00e9,<br>no sea la noche oscura ni temida,<br>ascender\u00e9 la cuesta del silencio<br>entre las tumbas fr\u00edas y serenas.<\/p>\n\n\n\n<p>Inm\u00f3viles, debajo de la nieve,<br>m\u00e1s all\u00e1 de las noches y los d\u00edas,<br>las tumbas nos se\u00f1alan lo que somos<br>el futuro de nuestra condici\u00f3n.<\/p>\n\n\n\n<p>Esta noche, el viento cerca inquieto<br>mi ventana, mi insomnio, mi esperanza,<br>como lobo estepario de un destino<br>que me aguarda en el bosque m\u00e1s profundo.<\/p>\n\n\n\n<p>Pero yo no le temo. Nada puede<br>temer quien nada tiene, quien nada<br>espera tener, apenas tiempo:<br>calor en los inviernos impacientes,<br>en los cortos veranos, s\u00f3lo sombra.<\/p>\n\n\n\n<p>Y la digna memoria&nbsp;<br>que esta noche presiento<br>bajo nieve dormida,&nbsp;<br>sobre otra nieve eterna.<\/p>\n\n\n\n<p><em>New Hampshire Abril-Mayo 2002, Granada Octubre 2002<\/em><\/p>\n\n\n\n<h2 class=\"wp-block-heading\"><strong>Luz de Agosto<\/strong><\/h2>\n\n\n\n<p><em>A Juan Vida<\/em><\/p>\n\n\n\n<p>Luz met\u00e1lica de Agosto<br>t\u00fa me atacas, por sorpresa,<br>en este amanecer<br>con tu mordisco de melancol\u00eda.<\/p>\n\n\n\n<p>Por la ma\u00f1ana,<br>luz helada de agosto,<br>t\u00fa recortas<br>el perfil de las cosas<br>de un modo artificial,<br>como un diorama<br>que proyectara los recuerdos<br>a sentimiento natural.<\/p>\n\n\n\n<p>Y al mediod\u00eda me esperas<br>en la l\u00ednea del mar,<br>donde la l\u00ednea del mar azul cobalto<br>recorta el siempre azul<br>m\u00e1s claro de tu cielo,<br>en la frontera verdinegra<br>del agua y la piscina,<br>m\u00e1s all\u00e1 del gaseoso&nbsp;<br>volumen que dibujan el aire iluminado<br>por ti&nbsp;<br>y mis fantasmas.<\/p>\n\n\n\n<p>\u00bfSabes lo que te digo?<\/p>\n\n\n\n<p>\u00a1Vete a la mierda,&nbsp;<br>luz as\u00e9ptica de agosto,<br>con tu pellizco de melancol\u00eda!<br>Aunque no lo parezca,<br>somos muy viejos ya<br>para estos trucos.<br>\u00a1Vete a la mierda!<\/p>\n\n\n\n<p><em>La Herradura Agosto 2002<\/em><\/p>\n","protected":false},"excerpt":{"rendered":"<p>Nocturno de Nueva Inglaterra Toda una historia, un alma se te muestranAh\u00ed, y las piensas hermosas,Hechas de recatada confianza en lo sabido,De respeto sin miedo en lo ignorado,Viendo tratar as\u00ed los pobre muertosque recuerdo impotente son tan s\u00f3lo. Luis Cernuda Oigo el rumor del viento restregarsecontra los abedules y los arces,en esta noche oscura, desolada,noche &hellip; <a href=\"https:\/\/alvarosalvador.com\/index.php\/inedito\/\" class=\"more-link\">Continuar leyendo<span class=\"screen-reader-text\"> \u00abIn\u00e9dito\u00bb<\/span><\/a><\/p>\n","protected":false},"author":1,"featured_media":0,"parent":0,"menu_order":0,"comment_status":"closed","ping_status":"closed","template":"","meta":{"footnotes":""},"class_list":["post-48","page","type-page","status-publish","hentry"],"_links":{"self":[{"href":"https:\/\/alvarosalvador.com\/index.php\/wp-json\/wp\/v2\/pages\/48","targetHints":{"allow":["GET"]}}],"collection":[{"href":"https:\/\/alvarosalvador.com\/index.php\/wp-json\/wp\/v2\/pages"}],"about":[{"href":"https:\/\/alvarosalvador.com\/index.php\/wp-json\/wp\/v2\/types\/page"}],"author":[{"embeddable":true,"href":"https:\/\/alvarosalvador.com\/index.php\/wp-json\/wp\/v2\/users\/1"}],"replies":[{"embeddable":true,"href":"https:\/\/alvarosalvador.com\/index.php\/wp-json\/wp\/v2\/comments?post=48"}],"version-history":[{"count":3,"href":"https:\/\/alvarosalvador.com\/index.php\/wp-json\/wp\/v2\/pages\/48\/revisions"}],"predecessor-version":[{"id":59,"href":"https:\/\/alvarosalvador.com\/index.php\/wp-json\/wp\/v2\/pages\/48\/revisions\/59"}],"wp:attachment":[{"href":"https:\/\/alvarosalvador.com\/index.php\/wp-json\/wp\/v2\/media?parent=48"}],"curies":[{"name":"wp","href":"https:\/\/api.w.org\/{rel}","templated":true}]}}